{"id":140,"date":"2015-06-08T14:13:48","date_gmt":"2015-06-08T14:13:48","guid":{"rendered":"http:\/\/www.lesvraisrayons.it\/?page_id=140"},"modified":"2017-02-11T16:50:02","modified_gmt":"2017-02-11T16:50:02","slug":"dove-siamo","status":"publish","type":"page","link":"http:\/\/www.lesvraisrayons.it\/index.php\/dove-siamo\/","title":{"rendered":"Dove siamo"},"content":{"rendered":"<address>Les Vrais Rayons<br \/>\nLocalit\u00e0 Capoluogo, 31<br \/>\n11020 Verrayes (AO)<\/address>\n<p><!--iframe style=\"border: 0px currentColor;\" src=\"https:\/\/www.google.com\/maps\/embed?pb=!1m18!1m12!1m3!1d695.8721182768148!2d7.53239!3d45.76139999999999!2m3!1f0!2f0!3f0!3m2!1i1024!2i768!4f13.1!3m3!1m2!1s0x4788c4d046719f37%3A0xce392ea3b5be6fc0!2sUfficio+Postale+di+Verrayes!5e0!3m2!1sit!2sit!4v1433773267382\" width=\"800\" height=\"600\" frameborder=\"0\"><\/iframe--><\/p>\n<p><iframe loading=\"lazy\" style=\"border: 0;\" src=\"https:\/\/www.google.com\/maps\/embed?pb=!1m18!1m12!1m3!1d2783.442857538411!2d7.532416315506715!3d45.76231432152262!2m3!1f0!2f0!3f0!3m2!1i1024!2i768!4f13.1!3m3!1m2!1s0x4788c4da825379a3%3A0xf0e8ba4b80819969!2sLes+Vrais+Rayons!5e0!3m2!1sit!2sit!4v1450173429125\" width=\"800\" height=\"600\" frameborder=\"0\" allowfullscreen=\"allowfullscreen\"><\/iframe><\/p>\n<h2>Come raggiungerci<\/h2>\n<dl>\n<dt>In auto<\/dt>\n<dd><strong>Torino<\/strong> \u00e8 collegata direttamente con l\u2019autostrada A5 e dista solo 90\u00a0km dall&#8217;uscita\u00a0Chatillon-St.Vincent, la pi\u00f9 indicata per raggiungerci, proseguendo quindi in direzione Aosta sulla SS26.\u00a0<\/dd>\n<dd>Provenendo da <strong>Milano<\/strong> (164 Km), lungo l&#8217;autostrada A4 occorre imboccare il raccordo a Santhi\u00e0, in direzione Aosta sempre fino all&#8217;uscita\u00a0Chatillon-St.Vincent. Limitato anche il tempo di percorrenza per chi proviene da <strong>Genova<\/strong> (226 km). Si pu\u00f2 giungere in Valle anche dal <strong>versante francese o svizzero<\/strong> attraverso i due trafori del Monte Bianco e del Gran San Bernardo, percorrendo rispettivamente le statali n\u00b026 e n\u00b027 e, nel periodo estivo (tra giugno e ottobre), attraverso i valichi del Piccolo e Gran San Bernardo.\u00a0<\/dd>\n<dd>\n<ul>\n<li><strong>Uscita Chatillon-St.Vincent<\/strong>: consigliata arrivando da Torino\/Milano, si prosegue in direzione Aosta fino all&#8217;abitato di Chambave, dove si svolta per Verrayes (circa 12 km dal casello).<\/li>\n<li><strong>Uscita Nus<\/strong>:\u00a0consigliata arrivando da Aosta\/Francia\/Svizzera, si prosegue in direzione Torino fino all&#8217;abitato di Champagne, dove si svolta per Verrayes (circa 11 km dal casello).<\/li>\n<\/ul>\n<\/dd>\n<dt>In treno<\/dt>\n<dd>Raggiungere la Valle d\u2019Aosta in treno da <strong>Torino<\/strong> \u00e8 una buona alternativa al traffico stradale, alla nebbia dei mesi invernali e, perch\u00e9 no, all\u2019inquinamento. La stazione ferroviaria di Aosta \u00e8 ubicata nell\u2019immediata prossimit\u00e0 della stazione di partenza della telecabina che collega la citt\u00e0 al comprensorio sciistico di Pila. Aosta \u00e8 collegata con le stazioni di Torino Porta Nuova e Torino Porta Susa, con un numero frequente di corse.Il tempo medio di percorrenza della tratta \u00e8 di 130 minuti con cambio treno a Chivasso (o ad Ivrea). Le principali stazioni ferroviarie valdostane si incontrano lungo il tracciato (Chatillon \/ Saint-Vincent e Nus sono le pi\u00f9 prossime alla nostra struttura).Arrivare in treno da <strong>Milano<\/strong> \u00e8 invece possibile in circa 200 minuti, con un cambio treno alla stazione di Chivasso.<\/p>\n<ul>\n<li><a href=\"http:\/\/www.trenitalia.com\/\" target=\"_blank\">Trenitalia<\/a><\/li>\n<\/ul>\n<\/dd>\n<dt>In autobus<\/dt>\n<dd>La Valle d&#8217;Aosta \u00e8 raggiungibile anche con pullman di linea.Collegamenti nazionali: le societ\u00e0 concessionarie locali di trasporto pubblico offrono un servizio giornaliero di autolinee da \/ per Milano in partenza da Cervinia, Aosta, Courmayeur. I pullman effettuano anche fermate intermedie sia in Valle d\u2019Aosta sia in Piemonte (consulta le pagine web sotto indicate per informazioni circa le fermate intermedie, le tariffe e gli orari delle due linee). Per il viaggio in pullman da e per Milano \u00e8 consigliata la prenotazione.Un servizio di linea \u00e8 attivo anche da \/ per Torino (stazione ferroviaria di Torino Porta Susa, da cui partono collegamenti per l&#8217;aeroporto di Caselle, e autostazione di corso Vittorio Emanuele II, 131\/H).In estate sono attivi altri collegamenti con pullman di linea tra la Valle d\u2019Aosta ed alcune localit\u00e0 della Liguria, dell\u2019Emilia Romagna e della Toscana (fino a Roma) alcuni dei quali attivi anche durante la stagione dello sci \u2013 per questi ultimi consultare &#8220;Altri collegamenti nazionali&#8221; in fondo alla pagina.Collegamenti internazionali: le societ\u00e0 concessionarie locali di trasporto pubblico offrono servizi giornalieri da\/per Chamonix in partenza da Aosta e Courmayeur e da\/per Martigny in partenza da Aosta (consulta le pagine web sotto indicate per informazioni circa le fermate intermedie, le tariffe e gli orari delle due linee).<\/p>\n<ul>\n<li><a href=\"http:\/\/www.savda.it\/it\/35\/valle-d-aosta-milano\/\" target=\"_blank\">Da\/Per Milano<\/a><\/li>\n<li><a href=\"http:\/\/www.savda.it\/it\/58\/valle-d-aosta-torino\/\" target=\"_blank\">Da\/Per Torino<\/a><\/li>\n<li><a href=\"http:\/\/www.savda.it\/it\/67\/courmayeur-chamonix\/\" target=\"_blank\">Da\/Per Chamonix<\/a><\/li>\n<li><a href=\"http:\/\/www.savda.it\/it\/72\/aosta-martigny\/\" target=\"_blank\">Da\/Per Martigny<\/a><\/li>\n<li><a href=\"http:\/\/www.statturismo.com\/autolinee.asp\/p\/0\" target=\"_blank\">Altri collegamenti nazionali<\/a><\/li>\n<\/ul>\n<\/dd>\n<dt>In aereo<\/dt>\n<dd><strong>Aeroporto Torino Caselle &#8211; &#8220;Sandro Pertini&#8221;<\/strong><\/p>\n<ul>\n<li><a href=\"http:\/\/www.turin-airport.com\/\" target=\"_blank\">Aeroporto di Torino<\/a><\/li>\n<\/ul>\n<p>L&#8217;aeroporto di Torino dista 115 km da Aosta.<br \/>\nSe decidete di noleggiare un&#8217;auto, raggiungere la Valle d&#8217;Aosta non sar\u00e0 difficile: baster\u00e0 seguire le indicazioni per le tangenziali torinesi (uscita corso Regina Margherita) e imboccare l&#8217;autostrada A5 verso Aosta.<br \/>\n<strong>Noleggiare un auto<\/strong><\/p>\n<ul>\n<li><a href=\"http:\/\/www.avisautonoleggio.it\/Autonoleggio\/Europa\/Italia\/Torino\/Aeroporto-di-Torino-Sandro-Pertini\" target=\"_blank\">Avis<\/a><\/li>\n<li><a href=\"https:\/\/www.nationalcar.com\/en_US\/car-rental\/home.html\" target=\"_blank\">Nationalcar<\/a><\/li>\n<li><a href=\"https:\/\/www.hertz.it\/rentacar\/reservation\/\" target=\"_blank\">Hertz<\/a><\/li>\n<li><a href=\"https:\/\/www.europcar.it\/localita\/italia\/torino\/torino-aeroporto\" target=\"_blank\">Europcar<\/a><\/li>\n<li><a href=\"http:\/\/www.rentalcars.com\/it\/airport\/it\/trn\/thrifty\/\" target=\"_blank\">Thrifty<\/a><\/li>\n<li><a href=\"http:\/\/www.budgetautonoleggio.it\/rental-locations\/torino-aeroporto\" target=\"_blank\">Budget<\/a><\/li>\n<li><a href=\"https:\/\/www.sixt.it\/auto-noleggio-torino-aeroporto\" target=\"_blank\">Sixt<\/a><\/li>\n<li><a href=\"http:\/\/www.alamo.it\/Carhire\/744\/it\/carHireAirport_sw\" target=\"_blank\">Alamo<\/a><\/li>\n<\/ul>\n<ul>\n<li>Raggiungere Torino in treno<\/li>\n<\/ul>\n<p>Una linea ferroviaria collega direttamente l&#8217;aeroporto di Caselle con la Stazione Dora GTT di Torino. Partenze ogni mezz&#8217;ora. Tempo di percorrenza: 19 minuti. Dalla stazione di Torino Dora \u00e8 necessario raggiungere la stazione di Torino Porta Susa da dove partono i treni e gli autobus per la Valle d&#8217;Aosta.<\/p>\n<ul>\n<li>Raggiungere Torino in pullman<\/li>\n<\/ul>\n<p>La citt\u00e0 di Torino e le stazioni ferroviarie soprattutto sono collegate all&#8217;aeroporto di Caselle da un servizio giornaliero di bus <a href=\"http:\/\/www.sadem.it\/it\/prodotti\/collegamento-aeroporti\/torino-caselle.aspx\" target=\"_blank\">Sadem<\/a> con frequenza di 30 minuti nelle ore di punta e di 45 minuti nella fascia di morbida (31 coppie di corse al giorno).<\/p>\n<p><strong>Aeroporti di Milano<\/strong><\/p>\n<ul>\n<li><a href=\"http:\/\/www.sea-aeroportimilano.it\/\" target=\"_blank\">Aeroporti di Milano<\/a><\/li>\n<\/ul>\n<p><strong>Malpensa<\/strong><\/p>\n<ul>\n<li>Pullman+treno<\/li>\n<\/ul>\n<p>Dall&#8217;aeroporto di Malpensa sono operativi <a href=\"http:\/\/www.milanomalpensa-airport.com\/it\/arrivare-e-parcheggiare\/in-pullman\" target=\"_blank\">servizi di pullman<\/a> che collegano i due terminal dell\u2019aeroporto, ogni 20 minuti, con la stazione ferroviaria di Milano Centrale (50 minuti di percorrenza).<br \/>\nDalla stazione ferroviaria di Milano Centrale ci sono treni per Aosta quasi ogni ora dalle 6.20 alle 21.20 (cambio treno a Chivasso e ad Ivrea) &#8211; Tempo di percorrenza Milano-Aosta: circa 3.30 ore.<\/p>\n<ul>\n<li>Treno+metro+pullman oppure pullman+metro+pullman<\/li>\n<\/ul>\n<p>Il treno <a href=\"http:\/\/www.malpensaexpress.it\/it\/\" target=\"_blank\">Malpensa Express<\/a> collega ogni mezzora circa il Terminal 1 dell&#8217;Aeroporto di Malpensa con le principali stazioni ferroviarie di Milano: Milano Cadorna (29 minuti di percorrenza) e Milano Centrale (da 46 a 52 minuti di percorrenza). Il collegamento con il Terminal 2 \u00e8 garantito da una navetta gratuita in partenza ogni 7 minuti.<br \/>\nDalla stazione Cadorna con la linea della metropolitana M1 rossa (direzione Rho fiera) in 7 fermate si arriva a Lampugnano, da cui partono i pullman di linea per Aosta (10 minuti di percorrenza).<br \/>\nIl <a href=\"http:\/\/www.milanomalpensa-airport.com\/it\/arrivare-e-parcheggiare\/in-pullman\" target=\"_blank\">pullman<\/a> da Malpensa diretto a Milano Centrale ferma prima a Fiera Milano City (viale Teodorico &#8211; tempo di percorrenza 35 minuti) dove si pu\u00f2 prendere la linea della metropolitana M1 rossa (direzione Rho fiera) per 2 fermate fino a Lampugnano, (5 minuti di percorrenza).<br \/>\nIl collegamento via <a href=\"http:\/\/www.savda.it\/it\/35\/valle-d-aosta-milano\/\" target=\"_blank\">pullman tra Milano-Lampugnano e la Valle d&#8217;Aosta<\/a> (principali localit\u00e0 della valle centrale: Courmayeur, Aosta, Ch\u00e2tillon, Verr\u00e8s e Pont-Saint-Martin) \u00e8 giornaliero (4 corse al giorno, servizio sospeso solo il 25 dicembre &#8211; tempo di percorrenza Milano-Aosta: 2.30 ore). \u00c8 obbligatorio prenotare presso le biglietterie autorizzate o direttamente on-line <a href=\"http:\/\/www.savda.it\/it\/35\/valle-d-aosta-milano\/\" target=\"_blank\">Savda<\/a>.<\/p>\n<ul>\n<li>Noleggiare un auto<\/li>\n<\/ul>\n<p>Se noleggiate un\u2019auto, raggiungere la Valle d&#8217;Aosta sar\u00e0 agevole e veloce. All\u2019uscita dell\u2019aeroporto seguite le indicazioni per Novara e imboccate l\u2019autostrada A4 alla stazione di Mesero Sud (Marcallo Mesero) verso Torino. All\u2019altezza di Santhi\u00e0 seguire le indicazioni per Aosta\/Monte Bianco. Tempo di percorrenza: 1 ora e 30 minuti circa.<\/p>\n<ul>\n<li><a href=\"http:\/\/www.morinirent.com\/it\/\" target=\"_blank\">Morini<\/a><\/li>\n<li><a href=\"http:\/\/www.avisautonoleggio.it\/Autonoleggio\/Europa\/Italia\/Torino\/Aeroporto-di-Torino-Sandro-Pertini\" target=\"_blank\">Avis<\/a><\/li>\n<li><a href=\"https:\/\/www.hertz.it\/rentacar\/reservation\/\" target=\"_blank\">Hertz<\/a><\/li>\n<li><a href=\"https:\/\/www.europcar.it\/localita\/italia\/torino\/torino-aeroporto\" target=\"_blank\">Europcar<\/a><\/li>\n<li><a href=\"http:\/\/www.budgetautonoleggio.it\/rental-locations\/torino-aeroporto\" target=\"_blank\">Budget<\/a><\/li>\n<li><a href=\"https:\/\/www.sixt.it\/auto-noleggio-torino-aeroporto\" target=\"_blank\">Sixt<\/a><\/li>\n<\/ul>\n<p><strong>Linate<\/strong><\/p>\n<ul>\n<li>Pullman+treno<\/li>\n<\/ul>\n<p>Dall&#8217;aeroporto di Linate un servizio di autobus collega l\u2019aeroporto, ogni 30 minuti, con la stazione ferroviaria di Milano Centrale (25 minuti di percorrenza).<br \/>\nDalla stazione ferroviaria di Milano Centrale ci sono treni per Aosta quasi ogni ora dalle 6.20 alle 21.20 (cambio treno a Chivasso e ad Ivrea) &#8211; Tempo di percorrenza Milano-Aosta: circa 3.30 ore.<\/p>\n<ul>\n<li>Autobus+metro+pullman<\/li>\n<\/ul>\n<p>Da Linate si raggiunge con la linea di autobus urbani 73 e X73 il capolinea di Piazza San Babila da cui, con la linea della metropolitana M1 rossa (direzione Rho fiera), in 11 fermate si arriva a Lampugnano, da cui partono i pullman di linea per Aosta (40+15 minuti di percorrenza).<br \/>\nIl collegamento via <a href=\"http:\/\/www.savda.it\/it\/35\/valle-d-aosta-milano\/\" target=\"_blank\">pullman tra Milano-Lampugnano e la Valle d&#8217;Aosta<\/a> (principali localit\u00e0 della valle centrale: Courmayeur, Aosta, Ch\u00e2tillon, Verr\u00e8s e Pont-Saint-Martin) \u00e8 giornaliero (4 corse al giorno, servizio sospeso solo il 25 dicembre &#8211; tempo di percorrenza Milano-Aosta: 2.30 ore). \u00c8 obbligatorio prenotare presso le biglietterie autorizzate o direttamente on-line <a href=\"http:\/\/www.savda.it\/it\/35\/valle-d-aosta-milano\/\" target=\"_blank\">Savda<\/a>.<\/p>\n<ul>\n<li>Noleggiare un auto<\/li>\n<\/ul>\n<p>Si percorre la tangenziale Est A51 in direzione Nord\/Lecco poi si imbocca la tangenziale Nord A52 dove, in prossimit\u00e0 di Monza, si prende l\u2019autostrada A4 in direzione Torino. All&#8217;altezza di Santhi\u00e0 seguire le indicazioni per Aosta\/Monte Bianco. Tempo di percorrenza: 2 ore e 15 minuti circa.<\/p>\n<ul>\n<li><a href=\"http:\/\/www.avisautonoleggio.it\/Autonoleggio\/Europa\/Italia\/Torino\/Aeroporto-di-Torino-Sandro-Pertini\" target=\"_blank\">Avis<\/a><\/li>\n<li><a href=\"https:\/\/www.hertz.it\/rentacar\/reservation\/\" target=\"_blank\">Hertz<\/a><\/li>\n<li><a href=\"http:\/\/www.budgetautonoleggio.it\/rental-locations\/torino-aeroporto\" target=\"_blank\">Budget<\/a><\/li>\n<li><a href=\"https:\/\/www.sixt.it\/auto-noleggio-torino-aeroporto\" target=\"_blank\">Sixt<\/a><\/li>\n<\/ul>\n<p><strong>Orio al Serio<\/strong><\/p>\n<ul>\n<li><a href=\"http:\/\/www.sacbo.it\/\" target=\"_blank\">Aeroporto di Orio al Serio<\/a><\/li>\n<\/ul>\n<ul>\n<li>Pullman+treno<\/li>\n<\/ul>\n<p>Dall\u2019aeroporto \u00e8 in funzione un servizio bus ogni circa 30 minuti che collega il terminal con la stazione centrale di Milano. Dalla stazione ferroviaria di Milano Centrale ci sono treni per Aosta quasi ogni ora dalle 6.20 alle 21.20 (cambio treno a Chivasso e ad Ivrea) &#8211; Tempo di percorrenza Milano-Aosta: circa 3.30 ore.<\/p>\n<ul>\n<li>Noleggiare un auto<\/li>\n<\/ul>\n<p>In auto, si prende l\u2019autostrada A4 all\u2019altezza di Bergamo (pochi km dall\u2019aeroporto) e si segue la direzione Torino\/Monte Bianco. All\u2019altezza di Santhi\u00e0 seguire le indicazioni Aosta\/Monte Bianco. Tempo di percorrenza: 2 ore e 30 minuti circa.<\/p>\n<ul>\n<li><a href=\"http:\/\/www.avisautonoleggio.it\/Autonoleggio\/Europa\/Italia\/Torino\/Aeroporto-di-Torino-Sandro-Pertini\" target=\"_blank\">Avis<\/a><\/li>\n<li><a href=\"https:\/\/www.hertz.it\/rentacar\/reservation\/\" target=\"_blank\">Hertz<\/a><\/li>\n<li><a href=\"http:\/\/www.budgetautonoleggio.it\/rental-locations\/torino-aeroporto\" target=\"_blank\">Budget<\/a><\/li>\n<\/ul>\n<\/dd>\n<\/dl>\n","protected":false},"excerpt":{"rendered":"<p>Les Vrais Rayons Localit\u00e0 Capoluogo, 31 11020 Verrayes (AO) Come raggiungerci In auto Torino \u00e8 [&hellip;]<\/p>\n","protected":false},"author":22,"featured_media":0,"parent":0,"menu_order":1,"comment_status":"closed","ping_status":"closed","template":"","meta":{"spay_email":"","footnotes":""},"class_list":["post-140","page","type-page","status-publish","hentry"],"jetpack_sharing_enabled":true,"jetpack-related-posts":[],"_links":{"self":[{"href":"http:\/\/www.lesvraisrayons.it\/index.php\/wp-json\/wp\/v2\/pages\/140","targetHints":{"allow":["GET"]}}],"collection":[{"href":"http:\/\/www.lesvraisrayons.it\/index.php\/wp-json\/wp\/v2\/pages"}],"about":[{"href":"http:\/\/www.lesvraisrayons.it\/index.php\/wp-json\/wp\/v2\/types\/page"}],"author":[{"embeddable":true,"href":"http:\/\/www.lesvraisrayons.it\/index.php\/wp-json\/wp\/v2\/users\/22"}],"replies":[{"embeddable":true,"href":"http:\/\/www.lesvraisrayons.it\/index.php\/wp-json\/wp\/v2\/comments?post=140"}],"version-history":[{"count":53,"href":"http:\/\/www.lesvraisrayons.it\/index.php\/wp-json\/wp\/v2\/pages\/140\/revisions"}],"predecessor-version":[{"id":813,"href":"http:\/\/www.lesvraisrayons.it\/index.php\/wp-json\/wp\/v2\/pages\/140\/revisions\/813"}],"wp:attachment":[{"href":"http:\/\/www.lesvraisrayons.it\/index.php\/wp-json\/wp\/v2\/media?parent=140"}],"curies":[{"name":"wp","href":"https:\/\/api.w.org\/{rel}","templated":true}]}}